{"id":9771,"date":"2025-03-11T11:47:39","date_gmt":"2025-03-11T11:47:39","guid":{"rendered":"https:\/\/www.ibd-wt.de\/empresa\/historia\/"},"modified":"2026-03-16T07:27:39","modified_gmt":"2026-03-16T07:27:39","slug":"historia","status":"publish","type":"page","link":"https:\/\/www.ibd-wt.de\/es\/empresa\/historia\/","title":{"rendered":"Historia"},"content":{"rendered":"<p><div class=\"fusion-fullwidth fullwidth-box fusion-builder-row-1 fusion-flex-container has-pattern-background has-mask-background fusion-parallax-none nonhundred-percent-fullwidth non-hundred-percent-height-scrolling\" style=\"--awb-border-radius-top-left:0px;--awb-border-radius-top-right:0px;--awb-border-radius-bottom-right:0px;--awb-border-radius-bottom-left:0px;--awb-padding-top:100px;--awb-padding-bottom:100px;--awb-margin-top:0px;--awb-background-image:url(&quot;https:\/\/www.ibd-wt.de\/wp-content\/uploads\/2025\/04\/test.jpg&quot;);--awb-background-size:cover;--awb-flex-wrap:wrap;\" ><div class=\"fusion-builder-row fusion-row fusion-flex-align-items-center fusion-flex-content-wrap\" style=\"max-width:1497.6px;margin-left: calc(-4% \/ 2 );margin-right: calc(-4% \/ 2 );\"><div class=\"fusion-layout-column fusion_builder_column fusion-builder-column-0 fusion_builder_column_1_2 1_2 fusion-flex-column\" style=\"--awb-bg-size:cover;--awb-width-large:50%;--awb-margin-top-large:0px;--awb-spacing-right-large:3.84%;--awb-margin-bottom-large:20px;--awb-spacing-left-large:3.84%;--awb-width-medium:50%;--awb-order-medium:0;--awb-spacing-right-medium:3.84%;--awb-spacing-left-medium:3.84%;--awb-width-small:100%;--awb-order-small:0;--awb-spacing-right-small:1.92%;--awb-spacing-left-small:1.92%;\" data-scroll-devices=\"small-visibility,medium-visibility,large-visibility\"><div class=\"fusion-column-wrapper fusion-column-has-shadow fusion-flex-justify-content-flex-start fusion-content-layout-column\"><div class=\"fusion-text fusion-text-1 fusion-text-no-margin\" style=\"--awb-content-alignment:left;--awb-font-size:var(--awb-typography2-font-size);--awb-line-height:var(--awb-typography2-line-height);--awb-letter-spacing:var(--awb-typography2-letter-spacing);--awb-text-transform:var(--awb-typography2-text-transform);--awb-text-color:var(--awb-color4);--awb-margin-bottom:0px;--awb-text-font-family:var(--awb-typography2-font-family);--awb-text-font-weight:var(--awb-typography2-font-weight);--awb-text-font-style:var(--awb-typography2-font-style);\"><p style=\"text-align: left;\">Historia<\/p>\n<\/div><div class=\"fusion-title title fusion-title-1 fusion-sep-none fusion-title-text fusion-title-size-one\" style=\"--awb-margin-top:15px;--awb-margin-bottom:30px;--awb-margin-top-small:10px;--awb-margin-right-small:0px;--awb-margin-bottom-small:10px;--awb-margin-left-small:0px;\"><h1 class=\"fusion-title-heading title-heading-left fusion-responsive-typography-calculated\" style=\"margin:0;--fontSize:38;line-height:1.1;\">M\u00e1s de 35 a\u00f1os de innovaci\u00f3n en la tecnolog\u00eda de bobinado<\/h1><\/div><div class=\"fusion-text fusion-text-2 fusion-text-no-margin\" style=\"--awb-margin-bottom:30px;\"><p style=\"text-align: left;\">La experiencia es nuestro cimiento, la innovaci\u00f3n nuestro motor. Desde 1992, IBD Wickeltechnik es sin\u00f3nimo de soluciones que mueven el mercado. Consulte aqu\u00ed los hitos que nos han convertido en el socio que somos hoy para usted.  <\/p>\n<\/div><\/div><\/div><\/div><\/div><div class=\"fusion-fullwidth fullwidth-box fusion-builder-row-2 fusion-flex-container has-pattern-background has-mask-background nonhundred-percent-fullwidth non-hundred-percent-height-scrolling\" style=\"--awb-border-radius-top-left:0px;--awb-border-radius-top-right:0px;--awb-border-radius-bottom-right:0px;--awb-border-radius-bottom-left:0px;--awb-margin-top:100px;--awb-margin-bottom:100px;--awb-flex-wrap:wrap;\" ><div class=\"fusion-builder-row fusion-row fusion-flex-align-items-flex-start fusion-flex-justify-content-center fusion-flex-content-wrap\" style=\"max-width:1497.6px;margin-left: calc(-4% \/ 2 );margin-right: calc(-4% \/ 2 );\"><div class=\"fusion-layout-column fusion_builder_column fusion-builder-column-1 fusion_builder_column_3_5 3_5 fusion-flex-column\" style=\"--awb-bg-size:cover;--awb-width-large:60%;--awb-margin-top-large:0px;--awb-spacing-right-large:3.2%;--awb-margin-bottom-large:20px;--awb-spacing-left-large:3.2%;--awb-width-medium:50%;--awb-order-medium:0;--awb-spacing-right-medium:3.84%;--awb-spacing-left-medium:3.84%;--awb-width-small:100%;--awb-order-small:0;--awb-spacing-right-small:1.92%;--awb-spacing-left-small:1.92%;\" data-scroll-devices=\"small-visibility,medium-visibility,large-visibility\"><div class=\"fusion-column-wrapper fusion-column-has-shadow fusion-flex-justify-content-flex-start fusion-content-layout-column\"><ul style=\"--awb-iconcolor:var(--awb-color4);--awb-line-height:27.2px;--awb-icon-width:27.2px;--awb-icon-height:27.2px;--awb-icon-margin:11.2px;--awb-content-margin:38.4px;\" class=\"fusion-checklist fusion-checklist-1 fusion-checklist-default type-icons\"><li class=\"fusion-li-item\" style=\"\"><span class=\"icon-wrapper circle-no\"><i class=\"fusion-li-icon fa-calendar-week fas\" aria-hidden=\"true\"><\/i><\/span><div class=\"fusion-li-item-content\">\n<p><strong>1992 \u2013 El nacimiento:<\/strong> Fundaci\u00f3n de IBD Wickeltechnik. Desde el principio, el enfoque se centra en la precisi\u00f3n t\u00e9cnica y en soluciones personalizadas para la tecnolog\u00eda de bobinado.<\/p>\n<\/div><\/li><li class=\"fusion-li-item\" style=\"\"><span class=\"icon-wrapper circle-no\"><i class=\"fusion-li-icon fa-calendar-week fas\" aria-hidden=\"true\"><\/i><\/span><div class=\"fusion-li-item-content\">\n<p><strong>1995 \u2013 IBD se convierte en GmbH:<\/strong> Con la transformaci\u00f3n en una sociedad de responsabilidad limitada (GmbH) y la introducci\u00f3n de nuevas t\u00e9cnicas de regulaci\u00f3n, sentamos las bases para un futuro profesional y escalable.<\/p>\n<\/div><\/li><li class=\"fusion-li-item\" style=\"\"><span class=\"icon-wrapper circle-no\"><i class=\"fusion-li-icon fa-calendar-week fas\" aria-hidden=\"true\"><\/i><\/span><div class=\"fusion-li-item-content\">\n<p><strong>2007 \u2013 Un nuevo hogar para la calidad:<\/strong> Traslado al nuevo centro de ventas y asesoramiento, as\u00ed como a la moderna nave de producci\u00f3n en Bad Oeynhausen, nuestro n\u00facleo central hasta hoy.<\/p>\n<\/div><\/li><li class=\"fusion-li-item\" style=\"\"><span class=\"icon-wrapper circle-no\"><i class=\"fusion-li-icon fa-calendar-week fas\" aria-hidden=\"true\"><\/i><\/span><div class=\"fusion-li-item-content\">\n<p><strong>2017 \u2013 25 a\u00f1os de IBD:<\/strong> Un cuarto de siglo de \u00e9xito. Consolidamos nuestra presencia internacional mediante cooperaciones en Europa y el extranjero.<\/p>\n<\/div><\/li><li class=\"fusion-li-item\" style=\"\"><span class=\"icon-wrapper circle-no\"><i class=\"fusion-li-icon fa-calendar-week fas\" aria-hidden=\"true\"><\/i><\/span><div class=\"fusion-li-item-content\">\n<p><strong>Noviembre de 2024 \u2013 Estabilidad excelente<\/strong>: Por quinta vez consecutiva, IBD recibe el prestigioso CrefoZert de Creditreform. Este galard\u00f3n confirma nuestra solvencia de primer nivel y nos sit\u00faa entre el 2% de las empresas alemanas m\u00e1s estables, una se\u00f1al importante para las asociaciones a largo plazo.<\/p>\n<\/div><\/li><li class=\"fusion-li-item\" style=\"\"><span class=\"icon-wrapper circle-no\"><i class=\"fusion-li-icon fa-calendar-week fas\" aria-hidden=\"true\"><\/i><\/span><div class=\"fusion-li-item-content\">\n<p><strong>Mayo de 2025 \u2013 Ampliaci\u00f3n estrat\u00e9gica:<\/strong> IBD se convierte en socio exclusivo de Elettromeccanica Bonato para la regi\u00f3n DACH. De este modo, ampliamos nuestra cartera con sistemas altamente eficientes para la descarga y carga de electricidad est\u00e1tica.<\/p>\n<\/div><\/li><li class=\"fusion-li-item\" style=\"\"><span class=\"icon-wrapper circle-no\"><i class=\"fusion-li-icon fa-calendar-week fas\" aria-hidden=\"true\"><\/i><\/span><div class=\"fusion-li-item-content\">\n<p><strong>Junio de 2025 \u2013 Lanzamiento de IBD Fertigungstechnik GmbH:<\/strong> Un hito para nuestra independencia. Con la fundaci\u00f3n de IBD Fertigungstechnik GmbH y m\u00e1s de 1.200 m\u00b2 de superficie de producci\u00f3n, invertimos masivamente en el mecanizado CNC m\u00e1s moderno. Para nuestros clientes, esto significa: una flexibilidad a\u00fan mayor, tiempos de entrega m\u00e1s cortos y calidad \u201cMade in Bad Oeynhausen\u201d.<\/p>\n<\/div><\/li><li class=\"fusion-li-item\" style=\"\"><span class=\"icon-wrapper circle-no\"><i class=\"fusion-li-icon fa-calendar-week fas\" aria-hidden=\"true\"><\/i><\/span><div class=\"fusion-li-item-content\">\n<p><strong>2025 \u2013 Asociaci\u00f3n con Ferrarini &amp; Benelli:<\/strong> Gracias a la cooperaci\u00f3n con el especialista italiano Ferrarini &amp; Benelli, reforzamos nuestra competencia en el \u00e1mbito del tratamiento corona y de plasma en el mercado alem\u00e1n. Ahora ofrecemos soluciones integrales para el acabado de superficies.<\/p>\n<\/div><\/li><\/ul><\/div><\/div><div class=\"fusion-layout-column fusion_builder_column fusion-builder-column-2 fusion_builder_column_3_4 3_4 fusion-flex-column\" style=\"--awb-bg-size:cover;--awb-width-large:75%;--awb-margin-top-large:50px;--awb-spacing-right-large:2.56%;--awb-margin-bottom-large:20px;--awb-spacing-left-large:2.56%;--awb-width-medium:75%;--awb-order-medium:0;--awb-spacing-right-medium:2.56%;--awb-spacing-left-medium:2.56%;--awb-width-small:100%;--awb-order-small:0;--awb-spacing-right-small:1.92%;--awb-spacing-left-small:1.92%;\" data-scroll-devices=\"small-visibility,medium-visibility,large-visibility\"><div class=\"fusion-column-wrapper fusion-column-has-shadow fusion-flex-justify-content-flex-start fusion-content-layout-column\"><div class=\"fusion-post-cards fusion-post-cards-1 fusion-grid-archive fusion-grid-columns-3\" style=\"--awb-dots-align:center;--awb-columns:3;--awb-active-filter-border-size:3px;--awb-filters-height:36px;--awb-columns-small:100%;\" data-post-type-label=\"empleados\"><ul class=\"fusion-grid fusion-grid-3 fusion-flex-align-items-stretch fusion-grid-posts-cards\"><li class=\"fusion-layout-column fusion_builder_column fusion-builder-column-3 fusion-flex-column post-card fusion-grid-column fusion-post-cards-grid-column\" style=\"--awb-padding-top:25px;--awb-padding-right:25px;--awb-padding-bottom:25px;--awb-padding-left:25px;--awb-bg-image:radial-gradient(circle at center center, var(--awb-color1) 0%,var(--awb-color3) 100%);--awb-bg-blend:overlay;--awb-bg-size:cover;--awb-box-shadow:1px 1px 10px 0px #c4c4c4;;--awb-flex-grow:0;--awb-flex-shrink:0;--awb-flex-grow-medium:0;--awb-flex-shrink-medium:0;--awb-flex-grow-small:0;--awb-flex-shrink-small:0;\" data-scroll-devices=\"small-visibility,medium-visibility,large-visibility\"><div class=\"fusion-column-wrapper fusion-column-has-shadow fusion-flex-justify-content-space-evenly fusion-content-layout-column\"><div class=\"fusion-image-element \" style=\"text-align:center;--awb-max-width:66%;--awb-caption-title-font-family:var(--h2_typography-font-family);--awb-caption-title-font-weight:var(--h2_typography-font-weight);--awb-caption-title-font-style:var(--h2_typography-font-style);--awb-caption-title-size:var(--h2_typography-font-size);--awb-caption-title-transform:var(--h2_typography-text-transform);--awb-caption-title-line-height:var(--h2_typography-line-height);--awb-caption-title-letter-spacing:var(--h2_typography-letter-spacing);\"><span class=\" fusion-imageframe imageframe-none imageframe-1 hover-type-none\" style=\"border-radius:50%;\"><img decoding=\"async\" width=\"2560\" height=\"2560\" alt=\"Dennis Hermann\" title=\"Dennis Hermann\" src=\"https:\/\/www.ibd-wt.de\/wp-content\/uploads\/2025\/04\/DSC0033-Bearbeitet-scaled.jpg\" class=\"img-responsive wp-image-5927\" srcset=\"https:\/\/www.ibd-wt.de\/wp-content\/uploads\/2025\/04\/DSC0033-Bearbeitet-200x200.jpg 200w, https:\/\/www.ibd-wt.de\/wp-content\/uploads\/2025\/04\/DSC0033-Bearbeitet-400x400.jpg 400w, https:\/\/www.ibd-wt.de\/wp-content\/uploads\/2025\/04\/DSC0033-Bearbeitet-600x600.jpg 600w, https:\/\/www.ibd-wt.de\/wp-content\/uploads\/2025\/04\/DSC0033-Bearbeitet-800x800.jpg 800w, https:\/\/www.ibd-wt.de\/wp-content\/uploads\/2025\/04\/DSC0033-Bearbeitet-1200x1200.jpg 1200w, https:\/\/www.ibd-wt.de\/wp-content\/uploads\/2025\/04\/DSC0033-Bearbeitet-scaled.jpg 2560w\" sizes=\"(max-width: 640px) 100vw, 1200px\" \/><\/span><\/div><div class=\"fusion-text fusion-text-3 fusion-text-no-margin\" style=\"--awb-content-alignment:center;--awb-font-size:20px;--awb-text-color:var(--awb-color8);--awb-margin-top:20px;--awb-margin-bottom:0px;\"><p>B. Eng. Dennis Hermann<\/p>\n<\/div><div class=\"fusion-text fusion-text-4 fusion-text-no-margin\" style=\"--awb-content-alignment:center;--awb-font-size:12px;--awb-text-color:var(--awb-color8);--awb-margin-top:0px;--awb-margin-bottom:0px;\"><p>Gesch\u00e4ftsf\u00fchrer und Vertriebsleitung<\/p>\n<\/div><div class=\"fusion-text fusion-text-5 fusion-text-no-margin\" style=\"--awb-content-alignment:center;--awb-font-size:12px;--awb-text-color:var(--awb-color8);--awb-margin-top:0px;--awb-margin-bottom:0px;\"><p>+49 5734 9602 - 0<\/p>\n<\/div><div class=\"fusion-social-links fusion-social-links-1\" style=\"--awb-margin-top:30px;--awb-margin-right:0px;--awb-margin-bottom:0px;--awb-margin-left:0px;--awb-alignment:center;--awb-box-border-top:0px;--awb-box-border-right:0px;--awb-box-border-bottom:0px;--awb-box-border-left:0px;--awb-icon-colors-hover:var(--awb-color4);--awb-box-colors-hover:var(--awb-color1);--awb-box-border-color:var(--awb-color3);--awb-box-border-color-hover:var(--awb-color4);\"><div class=\"fusion-social-networks color-type-custom\"><div class=\"fusion-social-networks-wrapper\"><\/div><\/div><\/div><\/div><\/li>\n<li class=\"fusion-layout-column fusion_builder_column fusion-builder-column-4 fusion-flex-column post-card fusion-grid-column fusion-post-cards-grid-column\" style=\"--awb-padding-top:25px;--awb-padding-right:25px;--awb-padding-bottom:25px;--awb-padding-left:25px;--awb-bg-image:radial-gradient(circle at center center, var(--awb-color1) 0%,var(--awb-color3) 100%);--awb-bg-blend:overlay;--awb-bg-size:cover;--awb-box-shadow:1px 1px 10px 0px #c4c4c4;;--awb-flex-grow:0;--awb-flex-shrink:0;--awb-flex-grow-medium:0;--awb-flex-shrink-medium:0;--awb-flex-grow-small:0;--awb-flex-shrink-small:0;\" data-scroll-devices=\"small-visibility,medium-visibility,large-visibility\"><div class=\"fusion-column-wrapper fusion-column-has-shadow fusion-flex-justify-content-space-evenly fusion-content-layout-column\"><div class=\"fusion-image-element \" style=\"text-align:center;--awb-max-width:66%;--awb-caption-title-font-family:var(--h2_typography-font-family);--awb-caption-title-font-weight:var(--h2_typography-font-weight);--awb-caption-title-font-style:var(--h2_typography-font-style);--awb-caption-title-size:var(--h2_typography-font-size);--awb-caption-title-transform:var(--h2_typography-text-transform);--awb-caption-title-line-height:var(--h2_typography-line-height);--awb-caption-title-letter-spacing:var(--h2_typography-letter-spacing);\"><span class=\" fusion-imageframe imageframe-none imageframe-2 hover-type-none\" style=\"border-radius:50%;\"><img decoding=\"async\" width=\"2560\" height=\"2560\" alt=\"Holger Brink\" title=\"Holger Brink\" src=\"https:\/\/www.ibd-wt.de\/wp-content\/uploads\/2025\/04\/DSC0035-Bearbeitet-scaled.jpg\" class=\"img-responsive wp-image-5928\" srcset=\"https:\/\/www.ibd-wt.de\/wp-content\/uploads\/2025\/04\/DSC0035-Bearbeitet-200x200.jpg 200w, https:\/\/www.ibd-wt.de\/wp-content\/uploads\/2025\/04\/DSC0035-Bearbeitet-400x400.jpg 400w, https:\/\/www.ibd-wt.de\/wp-content\/uploads\/2025\/04\/DSC0035-Bearbeitet-600x600.jpg 600w, https:\/\/www.ibd-wt.de\/wp-content\/uploads\/2025\/04\/DSC0035-Bearbeitet-800x800.jpg 800w, https:\/\/www.ibd-wt.de\/wp-content\/uploads\/2025\/04\/DSC0035-Bearbeitet-1200x1200.jpg 1200w, https:\/\/www.ibd-wt.de\/wp-content\/uploads\/2025\/04\/DSC0035-Bearbeitet-scaled.jpg 2560w\" sizes=\"(max-width: 640px) 100vw, 2560px\" \/><\/span><\/div><div class=\"fusion-text fusion-text-6 fusion-text-no-margin\" style=\"--awb-content-alignment:center;--awb-font-size:20px;--awb-text-color:var(--awb-color8);--awb-margin-top:20px;--awb-margin-bottom:0px;\"><p>Dipl. Ing. Holger Brink<\/p>\n<\/div><div class=\"fusion-text fusion-text-7 fusion-text-no-margin\" style=\"--awb-content-alignment:center;--awb-font-size:12px;--awb-text-color:var(--awb-color8);--awb-margin-top:0px;--awb-margin-bottom:0px;\"><p>Gesch\u00e4ftsf\u00fchrer und Technischer Leiter <\/p>\n<\/div><div class=\"fusion-text fusion-text-8 fusion-text-no-margin\" style=\"--awb-content-alignment:center;--awb-font-size:12px;--awb-text-color:var(--awb-color8);--awb-margin-top:0px;--awb-margin-bottom:0px;\"><p>+49 5734 9602 - 0<\/p>\n<\/div><div class=\"fusion-social-links fusion-social-links-2\" style=\"--awb-margin-top:30px;--awb-margin-right:0px;--awb-margin-bottom:0px;--awb-margin-left:0px;--awb-alignment:center;--awb-box-border-top:0px;--awb-box-border-right:0px;--awb-box-border-bottom:0px;--awb-box-border-left:0px;--awb-icon-colors-hover:var(--awb-color4);--awb-box-colors-hover:var(--awb-color1);--awb-box-border-color:var(--awb-color3);--awb-box-border-color-hover:var(--awb-color4);\"><div class=\"fusion-social-networks color-type-custom\"><div class=\"fusion-social-networks-wrapper\"><\/div><\/div><\/div><\/div><\/li>\n<li class=\"fusion-layout-column fusion_builder_column fusion-builder-column-5 fusion-flex-column post-card fusion-grid-column fusion-post-cards-grid-column\" style=\"--awb-padding-top:25px;--awb-padding-right:25px;--awb-padding-bottom:25px;--awb-padding-left:25px;--awb-bg-image:radial-gradient(circle at center center, var(--awb-color1) 0%,var(--awb-color3) 100%);--awb-bg-blend:overlay;--awb-bg-size:cover;--awb-box-shadow:1px 1px 10px 0px #c4c4c4;;--awb-flex-grow:0;--awb-flex-shrink:0;--awb-flex-grow-medium:0;--awb-flex-shrink-medium:0;--awb-flex-grow-small:0;--awb-flex-shrink-small:0;\" data-scroll-devices=\"small-visibility,medium-visibility,large-visibility\"><div class=\"fusion-column-wrapper fusion-column-has-shadow fusion-flex-justify-content-space-evenly fusion-content-layout-column\"><div class=\"fusion-image-element \" style=\"text-align:center;--awb-max-width:66%;--awb-caption-title-font-family:var(--h2_typography-font-family);--awb-caption-title-font-weight:var(--h2_typography-font-weight);--awb-caption-title-font-style:var(--h2_typography-font-style);--awb-caption-title-size:var(--h2_typography-font-size);--awb-caption-title-transform:var(--h2_typography-text-transform);--awb-caption-title-line-height:var(--h2_typography-line-height);--awb-caption-title-letter-spacing:var(--h2_typography-letter-spacing);\"><span class=\" fusion-imageframe imageframe-none imageframe-3 hover-type-none\" style=\"border-radius:50%;\"><img decoding=\"async\" width=\"400\" height=\"400\" alt=\"Sabine-Brunstein\" title=\"Sabine-Brunstein\" src=\"https:\/\/www.ibd-wt.de\/wp-content\/uploads\/2025\/03\/Sabine-Brunstein-neu-400x400-1.jpg\" class=\"img-responsive wp-image-5350\" srcset=\"https:\/\/www.ibd-wt.de\/wp-content\/uploads\/2025\/03\/Sabine-Brunstein-neu-400x400-1-200x200.jpg 200w, https:\/\/www.ibd-wt.de\/wp-content\/uploads\/2025\/03\/Sabine-Brunstein-neu-400x400-1.jpg 400w\" sizes=\"(max-width: 640px) 100vw, 400px\" \/><\/span><\/div><div class=\"fusion-text fusion-text-9 fusion-text-no-margin\" style=\"--awb-content-alignment:center;--awb-font-size:20px;--awb-text-color:var(--awb-color8);--awb-margin-top:20px;--awb-margin-bottom:0px;\"><p>Sabine Brunstein<\/p>\n<\/div><div class=\"fusion-text fusion-text-10 fusion-text-no-margin\" style=\"--awb-content-alignment:center;--awb-font-size:12px;--awb-text-color:var(--awb-color8);--awb-margin-top:0px;--awb-margin-bottom:0px;\"><p>Gesch\u00e4ftsf\u00fchrer und Kaufm\u00e4nische Leitung <\/p>\n<\/div><div class=\"fusion-text fusion-text-11 fusion-text-no-margin\" style=\"--awb-content-alignment:center;--awb-font-size:12px;--awb-text-color:var(--awb-color8);--awb-margin-top:0px;--awb-margin-bottom:0px;\"><p>+49 5734 9602 - 0<\/p>\n<\/div><div class=\"fusion-social-links fusion-social-links-3\" style=\"--awb-margin-top:30px;--awb-margin-right:0px;--awb-margin-bottom:0px;--awb-margin-left:0px;--awb-alignment:center;--awb-box-border-top:0px;--awb-box-border-right:0px;--awb-box-border-bottom:0px;--awb-box-border-left:0px;--awb-icon-colors-hover:var(--awb-color4);--awb-box-colors-hover:var(--awb-color1);--awb-box-border-color:var(--awb-color3);--awb-box-border-color-hover:var(--awb-color4);\"><div class=\"fusion-social-networks color-type-custom\"><div class=\"fusion-social-networks-wrapper\"><\/div><\/div><\/div><\/div><\/li>\n<\/ul><div class=\"pagination clearfix\"><\/div><div class=\"fusion-clearfix\"><\/div><\/div><\/div><\/div><\/div><\/div><div class=\"fusion-fullwidth fullwidth-box fusion-builder-row-3 fusion-flex-container has-pattern-background has-mask-background nonhundred-percent-fullwidth non-hundred-percent-height-scrolling\" style=\"--awb-border-radius-top-left:0px;--awb-border-radius-top-right:0px;--awb-border-radius-bottom-right:0px;--awb-border-radius-bottom-left:0px;--awb-padding-right:15px;--awb-padding-left:15px;--awb-margin-top:70px;--awb-margin-bottom:70px;--awb-flex-wrap:wrap;\" ><div class=\"fusion-builder-row fusion-row fusion-flex-align-items-flex-start fusion-flex-content-wrap\" style=\"max-width:1497.6px;margin-left: calc(-4% \/ 2 );margin-right: calc(-4% \/ 2 );\"><div class=\"fusion-layout-column fusion_builder_column fusion-builder-column-6 fusion_builder_column_1_1 1_1 fusion-flex-column\" style=\"--awb-bg-size:cover;--awb-width-large:100%;--awb-flex-grow:0;--awb-flex-shrink:0;--awb-margin-top-large:0px;--awb-spacing-right-large:1.92%;--awb-margin-bottom-large:20px;--awb-spacing-left-large:1.92%;--awb-width-medium:100%;--awb-order-medium:0;--awb-flex-grow-medium:0;--awb-flex-shrink-medium:0;--awb-spacing-right-medium:1.92%;--awb-spacing-left-medium:1.92%;--awb-width-small:100%;--awb-order-small:0;--awb-flex-grow-small:0;--awb-flex-shrink-small:0;--awb-spacing-right-small:1.92%;--awb-spacing-left-small:1.92%;\"><div class=\"fusion-column-wrapper fusion-column-has-shadow fusion-flex-justify-content-flex-start fusion-content-layout-column\"><div class=\"fusion-text fusion-text-12 fusion-text-no-margin\" style=\"--awb-font-size:var(--awb-typography2-font-size);--awb-line-height:var(--awb-typography2-line-height);--awb-letter-spacing:var(--awb-typography2-letter-spacing);--awb-text-transform:var(--awb-typography2-text-transform);--awb-text-color:var(--awb-color4);--awb-margin-bottom:0px;--awb-text-font-family:var(--awb-typography2-font-family);--awb-text-font-weight:var(--awb-typography2-font-weight);--awb-text-font-style:var(--awb-typography2-font-style);\"><p>Noticias \/ Ferias<\/p>\n<\/div><div class=\"fusion-title title fusion-title-2 fusion-sep-none fusion-title-text fusion-title-size-two\" style=\"--awb-margin-bottom:30px;--awb-margin-top-small:10px;--awb-margin-right-small:0px;--awb-margin-bottom-small:10px;--awb-margin-left-small:0px;\"><h2 class=\"fusion-title-heading title-heading-left fusion-responsive-typography-calculated\" style=\"margin:0;--fontSize:32;line-height:1.1;\">Otros temas de actualidad<\/h2><\/div><div class=\"fusion-post-cards fusion-post-cards-2 fusion-grid-archive fusion-grid-columns-4\" style=\"--awb-dots-align:center;--awb-active-filter-border-size:3px;--awb-filters-height:36px;\" data-post-type-label=\"entradas\"><ul class=\"fusion-grid fusion-grid-4 fusion-flex-align-items-flex-start fusion-grid-posts-cards\"><li class=\"fusion-layout-column fusion_builder_column fusion-builder-column-7 fusion-flex-column post-card fusion-grid-column fusion-post-cards-grid-column\" style=\"--awb-bg-blend:overlay;--awb-bg-size:cover;--awb-flex-grow:0;--awb-flex-shrink:0;--awb-flex-grow-medium:0;--awb-flex-shrink-medium:0;--awb-flex-grow-small:0;--awb-flex-shrink-small:0;\"><div class=\"fusion-column-wrapper fusion-flex-justify-content-flex-start fusion-content-layout-column\"><div class=\"fusion-image-element \" style=\"--awb-aspect-ratio:16 \/ 9;--awb-caption-title-font-family:var(--h2_typography-font-family);--awb-caption-title-font-weight:var(--h2_typography-font-weight);--awb-caption-title-font-style:var(--h2_typography-font-style);--awb-caption-title-size:var(--h2_typography-font-size);--awb-caption-title-transform:var(--h2_typography-text-transform);--awb-caption-title-line-height:var(--h2_typography-line-height);--awb-caption-title-letter-spacing:var(--h2_typography-letter-spacing);\"><span class=\" fusion-imageframe imageframe-none imageframe-4 hover-type-none has-aspect-ratio\" style=\"border-radius:8px;\"><a class=\"fusion-no-lightbox\" href=\"https:\/\/www.ibd-wt.de\/es\/2026\/04\/22\/nuevo-en-el-equipo-mirko-knappmeier-refuerza-nuestro-departamento-de-ventas-tecnicas\/\" target=\"_self\" aria-label=\"Mirko Knappmeier\"><img decoding=\"async\" width=\"2560\" height=\"1706\" alt=\"Mirko Knappmeier\" src=\"https:\/\/www.ibd-wt.de\/wp-content\/uploads\/2026\/04\/DSC0742-scaled.webp\" class=\"img-responsive wp-image-17310 img-with-aspect-ratio\" data-parent-fit=\"cover\" data-parent-container=\".fusion-image-element\" srcset=\"https:\/\/www.ibd-wt.de\/wp-content\/uploads\/2026\/04\/DSC0742-200x133.webp 200w, https:\/\/www.ibd-wt.de\/wp-content\/uploads\/2026\/04\/DSC0742-400x267.webp 400w, https:\/\/www.ibd-wt.de\/wp-content\/uploads\/2026\/04\/DSC0742-600x400.webp 600w, https:\/\/www.ibd-wt.de\/wp-content\/uploads\/2026\/04\/DSC0742-800x533.webp 800w, https:\/\/www.ibd-wt.de\/wp-content\/uploads\/2026\/04\/DSC0742-1200x800.webp 1200w, https:\/\/www.ibd-wt.de\/wp-content\/uploads\/2026\/04\/DSC0742-scaled.webp 2560w\" sizes=\"(max-width: 640px) 100vw, 2560px\" \/><\/a><\/span><\/div><div class=\"fusion-meta-tb fusion-meta-tb-1 floated\" style=\"--awb-border-bottom:0px;--awb-border-top:0px;--awb-border-left:0px;--awb-border-right:0px;--awb-item-border-bottom:0px;--awb-item-border-top:0px;--awb-item-border-left:0px;--awb-item-border-right:0px;--awb-height:36px;--awb-font-size:11px;--awb-margin-bottom:0px;--awb-margin-top:0px;--awb-alignment-medium:flex-start;--awb-alignment-small:flex-start;\"><span class=\"fusion-tb-published-date\">Publicado el: 22 de abril de 2026<\/span><span class=\"fusion-meta-tb-sep\"><\/span><span class=\"fusion-tb-categories\">Categor\u00edas: <a href=\"https:\/\/www.ibd-wt.de\/es\/category\/novedades\/\" rel=\"category tag\">Novedades<\/a><\/span><span class=\"fusion-meta-tb-sep\"><\/span><\/div><div class=\"fusion-title title fusion-title-3 fusion-sep-none fusion-title-text fusion-title-size-div\" style=\"--awb-text-color:var(--awb-color8);--awb-margin-top:0px;--awb-margin-bottom:25px;--awb-margin-top-small:10px;--awb-margin-right-small:0px;--awb-margin-bottom-small:10px;--awb-margin-left-small:0px;--awb-font-size:16px;\"><div class=\"fusion-title-heading title-heading-left title-heading-tag fusion-responsive-typography-calculated\" style=\"font-family:&quot;Inter&quot;;font-style:normal;font-weight:600;margin:0;font-size:1em;--fontSize:16;--minFontSize:16;line-height:1.2;\"><a href=\"https:\/\/www.ibd-wt.de\/es\/2026\/04\/22\/nuevo-en-el-equipo-mirko-knappmeier-refuerza-nuestro-departamento-de-ventas-tecnicas\/\" class=\"awb-custom-text-color awb-custom-text-hover-color\" target=\"_self\">Nuevo en el equipo: Mirko Knappmeier refuerza nuestro departamento de ventas t\u00e9cnicas<\/a><\/div><\/div><div ><a class=\"fusion-button button-flat button-small button-custom fusion-button-default button-1 fusion-button-default-span fusion-button-default-type\" style=\"--button_accent_color:var(--awb-color8);--button_border_color:var(--awb-color8);--button_accent_hover_color:var(--awb-color8);--button_border_hover_color:var(--awb-color8);--button_border_width-top:1px;--button_border_width-right:1px;--button_border_width-bottom:1px;--button_border_width-left:1px;--button-border-radius-top-left:40px;--button-border-radius-top-right:40px;--button-border-radius-bottom-right:40px;--button-border-radius-bottom-left:40px;--button_gradient_top_color:var(--awb-color2);--button_gradient_bottom_color:var(--awb-color2);--button_gradient_top_color_hover:var(--awb-color3);--button_gradient_bottom_color_hover:var(--awb-color3);--button_typography-font-family:&quot;Inter&quot;;--button_typography-font-style:normal;--button_typography-font-weight:700;\" target=\"_self\" href=\"https:\/\/www.ibd-wt.de\/es\/2026\/04\/22\/nuevo-en-el-equipo-mirko-knappmeier-refuerza-nuestro-departamento-de-ventas-tecnicas\/\"><span class=\"fusion-button-text awb-button__text awb-button__text--default\">m\u00e1s informaci\u00f3n<\/span><i class=\"fa-arrow-right fas awb-button__icon awb-button__icon--default button-icon-right\" aria-hidden=\"true\"><\/i><\/a><\/div><\/div><\/li>\n<li class=\"fusion-layout-column fusion_builder_column fusion-builder-column-8 fusion-flex-column post-card fusion-grid-column fusion-post-cards-grid-column\" style=\"--awb-bg-blend:overlay;--awb-bg-size:cover;--awb-flex-grow:0;--awb-flex-shrink:0;--awb-flex-grow-medium:0;--awb-flex-shrink-medium:0;--awb-flex-grow-small:0;--awb-flex-shrink-small:0;\"><div class=\"fusion-column-wrapper fusion-flex-justify-content-flex-start fusion-content-layout-column\"><div class=\"fusion-image-element \" style=\"--awb-aspect-ratio:16 \/ 9;--awb-caption-title-font-family:var(--h2_typography-font-family);--awb-caption-title-font-weight:var(--h2_typography-font-weight);--awb-caption-title-font-style:var(--h2_typography-font-style);--awb-caption-title-size:var(--h2_typography-font-size);--awb-caption-title-transform:var(--h2_typography-text-transform);--awb-caption-title-line-height:var(--h2_typography-line-height);--awb-caption-title-letter-spacing:var(--h2_typography-letter-spacing);\"><span class=\" fusion-imageframe imageframe-none imageframe-5 hover-type-none has-aspect-ratio\" style=\"border-radius:8px;\"><a class=\"fusion-no-lightbox\" href=\"https:\/\/www.ibd-wt.de\/es\/2026\/03\/17\/ibd-wickeltechnik-amplia-su-cartera-de-productos-asociacion-exclusiva-con-elettromeccanica-bonato-para-la-region-dach\/\" target=\"_self\" aria-label=\"Barras de ionizaci\u00f3n\"><img decoding=\"async\" width=\"800\" height=\"600\" alt=\"Barras de ionizaci\u00f3n\" src=\"https:\/\/www.ibd-wt.de\/wp-content\/uploads\/2025\/10\/Ionisationsstaebe.jpg\" class=\"img-responsive wp-image-10483 img-with-aspect-ratio\" data-parent-fit=\"cover\" data-parent-container=\".fusion-image-element\" srcset=\"https:\/\/www.ibd-wt.de\/wp-content\/uploads\/2025\/10\/Ionisationsstaebe-200x150.jpg 200w, https:\/\/www.ibd-wt.de\/wp-content\/uploads\/2025\/10\/Ionisationsstaebe-400x300.jpg 400w, https:\/\/www.ibd-wt.de\/wp-content\/uploads\/2025\/10\/Ionisationsstaebe-600x450.jpg 600w, https:\/\/www.ibd-wt.de\/wp-content\/uploads\/2025\/10\/Ionisationsstaebe.jpg 800w\" sizes=\"(max-width: 640px) 100vw, 800px\" \/><\/a><\/span><\/div><div class=\"fusion-meta-tb fusion-meta-tb-2 floated\" style=\"--awb-border-bottom:0px;--awb-border-top:0px;--awb-border-left:0px;--awb-border-right:0px;--awb-item-border-bottom:0px;--awb-item-border-top:0px;--awb-item-border-left:0px;--awb-item-border-right:0px;--awb-height:36px;--awb-font-size:11px;--awb-margin-bottom:0px;--awb-margin-top:0px;--awb-alignment-medium:flex-start;--awb-alignment-small:flex-start;\"><span class=\"fusion-tb-published-date\">Publicado el: 17 de marzo de 2026<\/span><span class=\"fusion-meta-tb-sep\"><\/span><span class=\"fusion-tb-categories\">Categor\u00edas: <a href=\"https:\/\/www.ibd-wt.de\/es\/category\/novedades\/\" rel=\"category tag\">Novedades<\/a><\/span><span class=\"fusion-meta-tb-sep\"><\/span><\/div><div class=\"fusion-title title fusion-title-4 fusion-sep-none fusion-title-text fusion-title-size-div\" style=\"--awb-text-color:var(--awb-color8);--awb-margin-top:0px;--awb-margin-bottom:25px;--awb-margin-top-small:10px;--awb-margin-right-small:0px;--awb-margin-bottom-small:10px;--awb-margin-left-small:0px;--awb-font-size:16px;\"><div class=\"fusion-title-heading title-heading-left title-heading-tag fusion-responsive-typography-calculated\" style=\"font-family:&quot;Inter&quot;;font-style:normal;font-weight:600;margin:0;font-size:1em;--fontSize:16;--minFontSize:16;line-height:1.2;\"><a href=\"https:\/\/www.ibd-wt.de\/es\/2026\/03\/17\/ibd-wickeltechnik-amplia-su-cartera-de-productos-asociacion-exclusiva-con-elettromeccanica-bonato-para-la-region-dach\/\" class=\"awb-custom-text-color awb-custom-text-hover-color\" target=\"_self\">IBD Wickeltechnik ampl\u00eda su cartera de productos: Asociaci\u00f3n exclusiva con Elettromeccanica Bonato para la regi\u00f3n DACH<\/a><\/div><\/div><div ><a class=\"fusion-button button-flat button-small button-custom fusion-button-default button-2 fusion-button-default-span fusion-button-default-type\" style=\"--button_accent_color:var(--awb-color8);--button_border_color:var(--awb-color8);--button_accent_hover_color:var(--awb-color8);--button_border_hover_color:var(--awb-color8);--button_border_width-top:1px;--button_border_width-right:1px;--button_border_width-bottom:1px;--button_border_width-left:1px;--button-border-radius-top-left:40px;--button-border-radius-top-right:40px;--button-border-radius-bottom-right:40px;--button-border-radius-bottom-left:40px;--button_gradient_top_color:var(--awb-color2);--button_gradient_bottom_color:var(--awb-color2);--button_gradient_top_color_hover:var(--awb-color3);--button_gradient_bottom_color_hover:var(--awb-color3);--button_typography-font-family:&quot;Inter&quot;;--button_typography-font-style:normal;--button_typography-font-weight:700;\" target=\"_self\" href=\"https:\/\/www.ibd-wt.de\/es\/2026\/03\/17\/ibd-wickeltechnik-amplia-su-cartera-de-productos-asociacion-exclusiva-con-elettromeccanica-bonato-para-la-region-dach\/\"><span class=\"fusion-button-text awb-button__text awb-button__text--default\">m\u00e1s informaci\u00f3n<\/span><i class=\"fa-arrow-right fas awb-button__icon awb-button__icon--default button-icon-right\" aria-hidden=\"true\"><\/i><\/a><\/div><\/div><\/li>\n<li class=\"fusion-layout-column fusion_builder_column fusion-builder-column-9 fusion-flex-column post-card fusion-grid-column fusion-post-cards-grid-column\" style=\"--awb-bg-blend:overlay;--awb-bg-size:cover;--awb-flex-grow:0;--awb-flex-shrink:0;--awb-flex-grow-medium:0;--awb-flex-shrink-medium:0;--awb-flex-grow-small:0;--awb-flex-shrink-small:0;\"><div class=\"fusion-column-wrapper fusion-flex-justify-content-flex-start fusion-content-layout-column\"><div class=\"fusion-image-element \" style=\"--awb-aspect-ratio:16 \/ 9;--awb-caption-title-font-family:var(--h2_typography-font-family);--awb-caption-title-font-weight:var(--h2_typography-font-weight);--awb-caption-title-font-style:var(--h2_typography-font-style);--awb-caption-title-size:var(--h2_typography-font-size);--awb-caption-title-transform:var(--h2_typography-text-transform);--awb-caption-title-line-height:var(--h2_typography-line-height);--awb-caption-title-letter-spacing:var(--h2_typography-letter-spacing);\"><span class=\" fusion-imageframe imageframe-none imageframe-6 hover-type-none has-aspect-ratio\" style=\"border-radius:8px;\"><a class=\"fusion-no-lightbox\" href=\"https:\/\/www.ibd-wt.de\/es\/2025\/03\/17\/max-velocidad-de-la-banda-mediante-un-centrado-perfecto\/\" target=\"_self\" aria-label=\"Vista-nueva-01\"><img decoding=\"async\" width=\"2048\" height=\"1536\" src=\"https:\/\/www.ibd-wt.de\/wp-content\/uploads\/2025\/03\/Ansicht-neu-01.jpg\" class=\"img-responsive wp-image-10369 img-with-aspect-ratio\" data-parent-fit=\"cover\" data-parent-container=\".fusion-image-element\" alt srcset=\"https:\/\/www.ibd-wt.de\/wp-content\/uploads\/2025\/03\/Ansicht-neu-01-200x150.jpg 200w, https:\/\/www.ibd-wt.de\/wp-content\/uploads\/2025\/03\/Ansicht-neu-01-400x300.jpg 400w, https:\/\/www.ibd-wt.de\/wp-content\/uploads\/2025\/03\/Ansicht-neu-01-600x450.jpg 600w, https:\/\/www.ibd-wt.de\/wp-content\/uploads\/2025\/03\/Ansicht-neu-01-800x600.jpg 800w, https:\/\/www.ibd-wt.de\/wp-content\/uploads\/2025\/03\/Ansicht-neu-01-1200x900.jpg 1200w, https:\/\/www.ibd-wt.de\/wp-content\/uploads\/2025\/03\/Ansicht-neu-01.jpg 2048w\" sizes=\"(max-width: 640px) 100vw, 2048px\" \/><\/a><\/span><\/div><div class=\"fusion-meta-tb fusion-meta-tb-3 floated\" style=\"--awb-border-bottom:0px;--awb-border-top:0px;--awb-border-left:0px;--awb-border-right:0px;--awb-item-border-bottom:0px;--awb-item-border-top:0px;--awb-item-border-left:0px;--awb-item-border-right:0px;--awb-height:36px;--awb-font-size:11px;--awb-margin-bottom:0px;--awb-margin-top:0px;--awb-alignment-medium:flex-start;--awb-alignment-small:flex-start;\"><span class=\"fusion-tb-published-date\">Publicado el: 17 de marzo de 2025<\/span><span class=\"fusion-meta-tb-sep\"><\/span><span class=\"fusion-tb-categories\">Categor\u00edas: <a href=\"https:\/\/www.ibd-wt.de\/es\/category\/novedades\/\" rel=\"category tag\">Novedades<\/a><\/span><span class=\"fusion-meta-tb-sep\"><\/span><\/div><div class=\"fusion-title title fusion-title-5 fusion-sep-none fusion-title-text fusion-title-size-div\" style=\"--awb-text-color:var(--awb-color8);--awb-margin-top:0px;--awb-margin-bottom:25px;--awb-margin-top-small:10px;--awb-margin-right-small:0px;--awb-margin-bottom-small:10px;--awb-margin-left-small:0px;--awb-font-size:16px;\"><div class=\"fusion-title-heading title-heading-left title-heading-tag fusion-responsive-typography-calculated\" style=\"font-family:&quot;Inter&quot;;font-style:normal;font-weight:600;margin:0;font-size:1em;--fontSize:16;--minFontSize:16;line-height:1.2;\"><a href=\"https:\/\/www.ibd-wt.de\/es\/2025\/03\/17\/max-velocidad-de-la-banda-mediante-un-centrado-perfecto\/\" class=\"awb-custom-text-color awb-custom-text-hover-color\" target=\"_self\">M\u00e1x. velocidad de la banda mediante un centrado perfecto!<\/a><\/div><\/div><div ><a class=\"fusion-button button-flat button-small button-custom fusion-button-default button-3 fusion-button-default-span fusion-button-default-type\" style=\"--button_accent_color:var(--awb-color8);--button_border_color:var(--awb-color8);--button_accent_hover_color:var(--awb-color8);--button_border_hover_color:var(--awb-color8);--button_border_width-top:1px;--button_border_width-right:1px;--button_border_width-bottom:1px;--button_border_width-left:1px;--button-border-radius-top-left:40px;--button-border-radius-top-right:40px;--button-border-radius-bottom-right:40px;--button-border-radius-bottom-left:40px;--button_gradient_top_color:var(--awb-color2);--button_gradient_bottom_color:var(--awb-color2);--button_gradient_top_color_hover:var(--awb-color3);--button_gradient_bottom_color_hover:var(--awb-color3);--button_typography-font-family:&quot;Inter&quot;;--button_typography-font-style:normal;--button_typography-font-weight:700;\" target=\"_self\" href=\"https:\/\/www.ibd-wt.de\/es\/2025\/03\/17\/max-velocidad-de-la-banda-mediante-un-centrado-perfecto\/\"><span class=\"fusion-button-text awb-button__text awb-button__text--default\">m\u00e1s informaci\u00f3n<\/span><i class=\"fa-arrow-right fas awb-button__icon awb-button__icon--default button-icon-right\" aria-hidden=\"true\"><\/i><\/a><\/div><\/div><\/li>\n<li class=\"fusion-layout-column fusion_builder_column fusion-builder-column-10 fusion-flex-column post-card fusion-grid-column fusion-post-cards-grid-column\" style=\"--awb-bg-blend:overlay;--awb-bg-size:cover;--awb-flex-grow:0;--awb-flex-shrink:0;--awb-flex-grow-medium:0;--awb-flex-shrink-medium:0;--awb-flex-grow-small:0;--awb-flex-shrink-small:0;\"><div class=\"fusion-column-wrapper fusion-flex-justify-content-flex-start fusion-content-layout-column\"><div class=\"fusion-image-element \" style=\"--awb-aspect-ratio:16 \/ 9;--awb-caption-title-font-family:var(--h2_typography-font-family);--awb-caption-title-font-weight:var(--h2_typography-font-weight);--awb-caption-title-font-style:var(--h2_typography-font-style);--awb-caption-title-size:var(--h2_typography-font-size);--awb-caption-title-transform:var(--h2_typography-text-transform);--awb-caption-title-line-height:var(--h2_typography-line-height);--awb-caption-title-letter-spacing:var(--h2_typography-letter-spacing);\"><span class=\" fusion-imageframe imageframe-none imageframe-7 hover-type-none has-aspect-ratio\" style=\"border-radius:8px;\"><a class=\"fusion-no-lightbox\" href=\"https:\/\/www.ibd-wt.de\/es\/2025\/03\/17\/el-eje-expansivo-psw-f-hs-proteccion-para-materiales-sensibles-y-valiosos\/\" target=\"_self\" aria-label=\"PSW-F-HS-Spannwelle\"><img decoding=\"async\" width=\"1200\" height=\"900\" src=\"https:\/\/www.ibd-wt.de\/wp-content\/uploads\/2025\/03\/PSW-F-HS-Spannwelle.jpg\" class=\"img-responsive wp-image-10403 img-with-aspect-ratio\" data-parent-fit=\"cover\" data-parent-container=\".fusion-image-element\" alt srcset=\"https:\/\/www.ibd-wt.de\/wp-content\/uploads\/2025\/03\/PSW-F-HS-Spannwelle-200x150.jpg 200w, https:\/\/www.ibd-wt.de\/wp-content\/uploads\/2025\/03\/PSW-F-HS-Spannwelle-400x300.jpg 400w, https:\/\/www.ibd-wt.de\/wp-content\/uploads\/2025\/03\/PSW-F-HS-Spannwelle-600x450.jpg 600w, https:\/\/www.ibd-wt.de\/wp-content\/uploads\/2025\/03\/PSW-F-HS-Spannwelle-800x600.jpg 800w, https:\/\/www.ibd-wt.de\/wp-content\/uploads\/2025\/03\/PSW-F-HS-Spannwelle.jpg 1200w\" sizes=\"(max-width: 640px) 100vw, 1200px\" \/><\/a><\/span><\/div><div class=\"fusion-meta-tb fusion-meta-tb-4 floated\" style=\"--awb-border-bottom:0px;--awb-border-top:0px;--awb-border-left:0px;--awb-border-right:0px;--awb-item-border-bottom:0px;--awb-item-border-top:0px;--awb-item-border-left:0px;--awb-item-border-right:0px;--awb-height:36px;--awb-font-size:11px;--awb-margin-bottom:0px;--awb-margin-top:0px;--awb-alignment-medium:flex-start;--awb-alignment-small:flex-start;\"><span class=\"fusion-tb-published-date\">Publicado el: 17 de marzo de 2025<\/span><span class=\"fusion-meta-tb-sep\"><\/span><span class=\"fusion-tb-categories\">Categor\u00edas: <a href=\"https:\/\/www.ibd-wt.de\/es\/category\/novedades\/\" rel=\"category tag\">Novedades<\/a><\/span><span class=\"fusion-meta-tb-sep\"><\/span><\/div><div class=\"fusion-title title fusion-title-6 fusion-sep-none fusion-title-text fusion-title-size-div\" style=\"--awb-text-color:var(--awb-color8);--awb-margin-top:0px;--awb-margin-bottom:25px;--awb-margin-top-small:10px;--awb-margin-right-small:0px;--awb-margin-bottom-small:10px;--awb-margin-left-small:0px;--awb-font-size:16px;\"><div class=\"fusion-title-heading title-heading-left title-heading-tag fusion-responsive-typography-calculated\" style=\"font-family:&quot;Inter&quot;;font-style:normal;font-weight:600;margin:0;font-size:1em;--fontSize:16;--minFontSize:16;line-height:1.2;\"><a href=\"https:\/\/www.ibd-wt.de\/es\/2025\/03\/17\/el-eje-expansivo-psw-f-hs-proteccion-para-materiales-sensibles-y-valiosos\/\" class=\"awb-custom-text-color awb-custom-text-hover-color\" target=\"_self\">El eje expansivo PSW-F HS: protecci\u00f3n para materiales sensibles y valiosos<\/a><\/div><\/div><div ><a class=\"fusion-button button-flat button-small button-custom fusion-button-default button-4 fusion-button-default-span fusion-button-default-type\" style=\"--button_accent_color:var(--awb-color8);--button_border_color:var(--awb-color8);--button_accent_hover_color:var(--awb-color8);--button_border_hover_color:var(--awb-color8);--button_border_width-top:1px;--button_border_width-right:1px;--button_border_width-bottom:1px;--button_border_width-left:1px;--button-border-radius-top-left:40px;--button-border-radius-top-right:40px;--button-border-radius-bottom-right:40px;--button-border-radius-bottom-left:40px;--button_gradient_top_color:var(--awb-color2);--button_gradient_bottom_color:var(--awb-color2);--button_gradient_top_color_hover:var(--awb-color3);--button_gradient_bottom_color_hover:var(--awb-color3);--button_typography-font-family:&quot;Inter&quot;;--button_typography-font-style:normal;--button_typography-font-weight:700;\" target=\"_self\" href=\"https:\/\/www.ibd-wt.de\/es\/2025\/03\/17\/el-eje-expansivo-psw-f-hs-proteccion-para-materiales-sensibles-y-valiosos\/\"><span class=\"fusion-button-text awb-button__text awb-button__text--default\">m\u00e1s informaci\u00f3n<\/span><i class=\"fa-arrow-right fas awb-button__icon awb-button__icon--default button-icon-right\" aria-hidden=\"true\"><\/i><\/a><\/div><\/div><\/li>\n<\/ul><\/div><\/div><\/div><\/div><\/div><\/p>\n","protected":false},"excerpt":{"rendered":"","protected":false},"author":1,"featured_media":0,"parent":9077,"menu_order":0,"comment_status":"closed","ping_status":"closed","template":"100-width.php","meta":{"_acf_changed":false,"footnotes":""},"class_list":["post-9771","page","type-page","status-publish","hentry"],"acf":[],"yoast_head":"<!-- This site is optimized with the Yoast SEO Premium plugin v27.5 (Yoast SEO v27.5) - https:\/\/yoast.com\/product\/yoast-seo-premium-wordpress\/ -->\n<title>Historia - IBD Wickeltechnik GmbH<\/title>\n<meta name=\"robots\" content=\"index, follow, max-snippet:-1, max-image-preview:large, max-video-preview:-1\" \/>\n<link rel=\"canonical\" href=\"https:\/\/www.ibd-wt.de\/es\/empresa\/historia\/\" \/>\n<meta property=\"og:locale\" content=\"es_ES\" \/>\n<meta property=\"og:type\" content=\"article\" \/>\n<meta property=\"og:title\" content=\"Historia\" \/>\n<meta property=\"og:url\" content=\"https:\/\/www.ibd-wt.de\/es\/empresa\/historia\/\" \/>\n<meta property=\"og:site_name\" content=\"IBD Wickeltechnik GmbH\" \/>\n<meta property=\"article:publisher\" content=\"https:\/\/www.linkedin.com\/company\/9506296\/admin\" \/>\n<meta property=\"article:modified_time\" content=\"2026-03-16T07:27:39+00:00\" \/>\n<meta name=\"twitter:card\" content=\"summary_large_image\" \/>\n<meta name=\"twitter:label1\" content=\"Tiempo de lectura\" \/>\n\t<meta name=\"twitter:data1\" content=\"28 minutos\" \/>\n<script type=\"application\/ld+json\" class=\"yoast-schema-graph\">{\"@context\":\"https:\\\/\\\/schema.org\",\"@graph\":[{\"@type\":\"WebPage\",\"@id\":\"https:\\\/\\\/www.ibd-wt.de\\\/es\\\/empresa\\\/historia\\\/\",\"url\":\"https:\\\/\\\/www.ibd-wt.de\\\/es\\\/empresa\\\/historia\\\/\",\"name\":\"Historia - IBD Wickeltechnik GmbH\",\"isPartOf\":{\"@id\":\"https:\\\/\\\/www.ibd-wt.de\\\/es\\\/#website\"},\"datePublished\":\"2025-03-11T11:47:39+00:00\",\"dateModified\":\"2026-03-16T07:27:39+00:00\",\"breadcrumb\":{\"@id\":\"https:\\\/\\\/www.ibd-wt.de\\\/es\\\/empresa\\\/historia\\\/#breadcrumb\"},\"inLanguage\":\"es\",\"potentialAction\":[{\"@type\":\"ReadAction\",\"target\":[\"https:\\\/\\\/www.ibd-wt.de\\\/es\\\/empresa\\\/historia\\\/\"]}]},{\"@type\":\"BreadcrumbList\",\"@id\":\"https:\\\/\\\/www.ibd-wt.de\\\/es\\\/empresa\\\/historia\\\/#breadcrumb\",\"itemListElement\":[{\"@type\":\"ListItem\",\"position\":1,\"name\":\"Inicio\",\"item\":\"https:\\\/\\\/www.ibd-wt.de\\\/es\\\/inicio\\\/\"},{\"@type\":\"ListItem\",\"position\":2,\"name\":\"Empresa\",\"item\":\"https:\\\/\\\/www.ibd-wt.de\\\/es\\\/empresa\\\/\"},{\"@type\":\"ListItem\",\"position\":3,\"name\":\"Historia\"}]},{\"@type\":\"WebSite\",\"@id\":\"https:\\\/\\\/www.ibd-wt.de\\\/es\\\/#website\",\"url\":\"https:\\\/\\\/www.ibd-wt.de\\\/es\\\/\",\"name\":\"IBD Wickeltechnik GmbH\",\"description\":\"\",\"publisher\":{\"@id\":\"https:\\\/\\\/www.ibd-wt.de\\\/es\\\/#organization\"},\"potentialAction\":[{\"@type\":\"SearchAction\",\"target\":{\"@type\":\"EntryPoint\",\"urlTemplate\":\"https:\\\/\\\/www.ibd-wt.de\\\/es\\\/?s={search_term_string}\"},\"query-input\":{\"@type\":\"PropertyValueSpecification\",\"valueRequired\":true,\"valueName\":\"search_term_string\"}}],\"inLanguage\":\"es\"},{\"@type\":\"Organization\",\"@id\":\"https:\\\/\\\/www.ibd-wt.de\\\/es\\\/#organization\",\"name\":\"IBD Wickeltechnik GmbH\",\"url\":\"https:\\\/\\\/www.ibd-wt.de\\\/es\\\/\",\"logo\":{\"@type\":\"ImageObject\",\"inLanguage\":\"es\",\"@id\":\"https:\\\/\\\/www.ibd-wt.de\\\/es\\\/#\\\/schema\\\/logo\\\/image\\\/\",\"url\":\"https:\\\/\\\/www.ibd-wt.de\\\/wp-content\\\/uploads\\\/2025\\\/03\\\/footer_logo.svg\",\"contentUrl\":\"https:\\\/\\\/www.ibd-wt.de\\\/wp-content\\\/uploads\\\/2025\\\/03\\\/footer_logo.svg\",\"width\":184,\"height\":36,\"caption\":\"IBD Wickeltechnik GmbH\"},\"image\":{\"@id\":\"https:\\\/\\\/www.ibd-wt.de\\\/es\\\/#\\\/schema\\\/logo\\\/image\\\/\"},\"sameAs\":[\"https:\\\/\\\/www.linkedin.com\\\/company\\\/9506296\\\/admin\",\"https:\\\/\\\/www.youtube.com\\\/channel\\\/UClyShLXUKz8ksXFWg9z-aiQ?view_as=subscriber\",\"https:\\\/\\\/www.instagram.com\\\/ibd.wickeltechnik\\\/\"]}]}<\/script>\n<!-- \/ Yoast SEO Premium plugin. -->","yoast_head_json":{"title":"Historia - IBD Wickeltechnik GmbH","robots":{"index":"index","follow":"follow","max-snippet":"max-snippet:-1","max-image-preview":"max-image-preview:large","max-video-preview":"max-video-preview:-1"},"canonical":"https:\/\/www.ibd-wt.de\/es\/empresa\/historia\/","og_locale":"es_ES","og_type":"article","og_title":"Historia","og_url":"https:\/\/www.ibd-wt.de\/es\/empresa\/historia\/","og_site_name":"IBD Wickeltechnik GmbH","article_publisher":"https:\/\/www.linkedin.com\/company\/9506296\/admin","article_modified_time":"2026-03-16T07:27:39+00:00","twitter_card":"summary_large_image","twitter_misc":{"Tiempo de lectura":"28 minutos"},"schema":{"@context":"https:\/\/schema.org","@graph":[{"@type":"WebPage","@id":"https:\/\/www.ibd-wt.de\/es\/empresa\/historia\/","url":"https:\/\/www.ibd-wt.de\/es\/empresa\/historia\/","name":"Historia - IBD Wickeltechnik GmbH","isPartOf":{"@id":"https:\/\/www.ibd-wt.de\/es\/#website"},"datePublished":"2025-03-11T11:47:39+00:00","dateModified":"2026-03-16T07:27:39+00:00","breadcrumb":{"@id":"https:\/\/www.ibd-wt.de\/es\/empresa\/historia\/#breadcrumb"},"inLanguage":"es","potentialAction":[{"@type":"ReadAction","target":["https:\/\/www.ibd-wt.de\/es\/empresa\/historia\/"]}]},{"@type":"BreadcrumbList","@id":"https:\/\/www.ibd-wt.de\/es\/empresa\/historia\/#breadcrumb","itemListElement":[{"@type":"ListItem","position":1,"name":"Inicio","item":"https:\/\/www.ibd-wt.de\/es\/inicio\/"},{"@type":"ListItem","position":2,"name":"Empresa","item":"https:\/\/www.ibd-wt.de\/es\/empresa\/"},{"@type":"ListItem","position":3,"name":"Historia"}]},{"@type":"WebSite","@id":"https:\/\/www.ibd-wt.de\/es\/#website","url":"https:\/\/www.ibd-wt.de\/es\/","name":"IBD Wickeltechnik GmbH","description":"","publisher":{"@id":"https:\/\/www.ibd-wt.de\/es\/#organization"},"potentialAction":[{"@type":"SearchAction","target":{"@type":"EntryPoint","urlTemplate":"https:\/\/www.ibd-wt.de\/es\/?s={search_term_string}"},"query-input":{"@type":"PropertyValueSpecification","valueRequired":true,"valueName":"search_term_string"}}],"inLanguage":"es"},{"@type":"Organization","@id":"https:\/\/www.ibd-wt.de\/es\/#organization","name":"IBD Wickeltechnik GmbH","url":"https:\/\/www.ibd-wt.de\/es\/","logo":{"@type":"ImageObject","inLanguage":"es","@id":"https:\/\/www.ibd-wt.de\/es\/#\/schema\/logo\/image\/","url":"https:\/\/www.ibd-wt.de\/wp-content\/uploads\/2025\/03\/footer_logo.svg","contentUrl":"https:\/\/www.ibd-wt.de\/wp-content\/uploads\/2025\/03\/footer_logo.svg","width":184,"height":36,"caption":"IBD Wickeltechnik GmbH"},"image":{"@id":"https:\/\/www.ibd-wt.de\/es\/#\/schema\/logo\/image\/"},"sameAs":["https:\/\/www.linkedin.com\/company\/9506296\/admin","https:\/\/www.youtube.com\/channel\/UClyShLXUKz8ksXFWg9z-aiQ?view_as=subscriber","https:\/\/www.instagram.com\/ibd.wickeltechnik\/"]}]}},"_links":{"self":[{"href":"https:\/\/www.ibd-wt.de\/es\/wp-json\/wp\/v2\/pages\/9771","targetHints":{"allow":["GET"]}}],"collection":[{"href":"https:\/\/www.ibd-wt.de\/es\/wp-json\/wp\/v2\/pages"}],"about":[{"href":"https:\/\/www.ibd-wt.de\/es\/wp-json\/wp\/v2\/types\/page"}],"author":[{"embeddable":true,"href":"https:\/\/www.ibd-wt.de\/es\/wp-json\/wp\/v2\/users\/1"}],"replies":[{"embeddable":true,"href":"https:\/\/www.ibd-wt.de\/es\/wp-json\/wp\/v2\/comments?post=9771"}],"version-history":[{"count":0,"href":"https:\/\/www.ibd-wt.de\/es\/wp-json\/wp\/v2\/pages\/9771\/revisions"}],"up":[{"embeddable":true,"href":"https:\/\/www.ibd-wt.de\/es\/wp-json\/wp\/v2\/pages\/9077"}],"wp:attachment":[{"href":"https:\/\/www.ibd-wt.de\/es\/wp-json\/wp\/v2\/media?parent=9771"}],"curies":[{"name":"wp","href":"https:\/\/api.w.org\/{rel}","templated":true}]}}